{"id":294817,"date":"2025-07-22T07:25:52","date_gmt":"2025-07-22T07:25:52","guid":{"rendered":"https:\/\/kidslox.com\/parental-tips\/when-should-i-let-my-kids-have-social-media\/"},"modified":"2025-07-24T11:18:59","modified_gmt":"2025-07-24T11:18:59","slug":"when-should-i-let-my-kids-have-social-media","status":"publish","type":"parental-tips","link":"https:\/\/kidslox.com\/ga\/parental-tips\/when-should-i-let-my-kids-have-social-media\/","title":{"rendered":"Cathain ba ch\u00f3ir dom ligean do mo ph\u00e1ist\u00ed me\u00e1in sh\u00f3isialta a bheith acu?"},"content":{"rendered":"<p><span style=\"font-weight: 400;\">N\u00edl s\u00e9 neamhghn\u00e1ch do ph\u00e1ist\u00ed br\u00fa a fh\u00e1il \u00f3na bpiara\u00ed dul ar na me\u00e1in sh\u00f3isialta, go h\u00e1irithe agus iad ag dul isteach ina nd\u00e9ag\u00f3ir\u00ed. D\u00edreach mar gheall ar &#8220;t\u00e1 gach duine&#8221; \u00e1fach, n\u00ed g\u00e1 gurb \u00e9 an tr\u00e1th ceart \u00e9 do do leanbh.<\/span><\/p>\n<p><span style=\"font-weight: 400;\">Go teicni\u00fail, n\u00ed cheada\u00edonn formh\u00f3r na n-ard\u00e1n me\u00e1n s\u00f3isialta do leana\u00ed faoi 13 bliana d&#8217;aois cuntas a chruth\u00fa, ach is an-lag a fhorfheidhm\u00edtear \u00e9 seo, agus t\u00e1 cuntais ag go leor leana\u00ed n\u00edos \u00f3ige ar na hard\u00e1in seo. C\u00e9 go bhfuil roinnt t\u00edortha ag ini\u00fachadh roghanna dl\u00edthi\u00fala chun f\u00edor\u00fa aoise n\u00edos d\u00e9ine a \u00e9ileamh, fi\u00fa m\u00e1 thosa\u00edonn siad ag seice\u00e1il aois \u00fain\u00e9ir\u00ed cuntais nua, an \u00e9 13 an aois cheart do na me\u00e1in sh\u00f3isialta i nd\u00e1ir\u00edre?<\/span><\/p>\n<p><span style=\"font-weight: 400;\">Ar deireadh thiar, lu\u00edonn an rogha le tuismitheoir\u00ed. Ligeann cuid acu na me\u00e1in sh\u00f3isialta ag 13, n\u00f3 fi\u00fa n\u00edos luaithe. Roghna\u00edonn go leor tuismitheoir\u00ed gan ach cuntais sh\u00f3isialta a chead\u00fa \u00f3 16 ar aghaidh. N\u00f3 cuntas a chead\u00fa ar ard\u00e1n amh\u00e1in \u00f3 14 amh\u00e1in, ionas go mbeidh s\u00e9 n\u00edos \u00e9asca s\u00fail a choinne\u00e1il air. Caithfidh gach duine againn an rogha seo a dh\u00e9anamh le staid, riachtanais agus carachtar \u00e1r bp\u00e1iste f\u00e9in san \u00e1ireamh.<\/span><\/p>\n<hr \/>\n<p><img loading=\"lazy\" decoding=\"async\" class=\"size-full wp-image-294572 alignnone\" src=\"https:\/\/kidslox.com\/wp-content\/uploads\/2025\/07\/when-should-i-let-my-kids-have-social-media-img-2-1.jpg\" alt=\"When should I let my kids have social media?\" width=\"686\" height=\"337\" srcset=\"https:\/\/kidslox.com\/wp-content\/uploads\/2025\/07\/when-should-i-let-my-kids-have-social-media-img-2-1.jpg 686w, https:\/\/kidslox.com\/wp-content\/uploads\/2025\/07\/when-should-i-let-my-kids-have-social-media-img-2-1-300x147.jpg 300w\" sizes=\"auto, (max-width: 686px) 100vw, 686px\" \/><\/p>\n<h2><span class=\"ez-toc-section\" id=\"an-bhfuil-mo-leanbh-reidh\"><\/span><strong>An bhfuil mo leanbh r\u00e9idh?<\/strong><span class=\"ez-toc-section-end\"><\/span><\/h2>\n<p><strong>C\u00fapla rud le cur san \u00e1ireamh agus cinneadh \u00e1 dh\u00e9anamh an bhfuil do leanbh r\u00e9idh do na me\u00e1in sh\u00f3isialta:<\/strong><\/p>\n<ul>\n<li style=\"font-weight: 400;\" aria-level=\"1\"><span style=\"font-weight: 400;\">Leibh\u00e9al Aib\u00edochta: An f\u00e9idir le do leanbh c\u00e1ineadh n\u00f3 di\u00faltacht a l\u00e1imhse\u00e1il gan dul i laghad? Uaireanta f\u00e9adann na me\u00e1in sh\u00f3isialta tr\u00e1chtanna g\u00e9ara a thabhairt, agus mar sin t\u00e1 s\u00e9 t\u00e1bhachtach go mbeid\u00eds in ann dul i ngleic leis.<\/span><\/li>\n<li style=\"font-weight: 400;\" aria-level=\"1\"><span style=\"font-weight: 400;\">Pr\u00edobh\u00e1ideacht a Thuiscint: An bhfaigheann siad amach c\u00e9n f\u00e1th gur m\u00f3r an rud \u00e9 faisn\u00e9is phearsanta a choinne\u00e1il pr\u00edobh\u00e1ideach? Sula tumfaidh siad isteach ar na me\u00e1in sh\u00f3isialta, ba ch\u00f3ir go mbeadh a fhios acu cad at\u00e1 s\u00e1bh\u00e1ilte a roinnt agus cad ba cheart a choinne\u00e1il den idirl\u00edon, mar a bhfuil c\u00f3na\u00ed orthu n\u00f3 aon rud r\u00f3phearsanta.<\/span><\/li>\n<li style=\"font-weight: 400;\" aria-level=\"1\"><span style=\"font-weight: 400;\">Cumas Rialacha a Lean\u00faint: An bhfuil do leanbh go maith ag clo\u00ed leis na rialacha, sa bhaile n\u00f3 ar scoil? T\u00e1 a sraith treoirl\u00ednte agus rialacha s\u00e1bh\u00e1ilteachta f\u00e9in ag na me\u00e1in sh\u00f3isialta, agus beidh orthu a bheith freagrach go leor chun iad a lean\u00faint.<\/span><\/li>\n<li style=\"font-weight: 400;\" aria-level=\"1\"><span style=\"font-weight: 400;\">Scileanna Cumars\u00e1ide: An bhfuil siad oscailte leat faoina bhfuil ag tarl\u00fa ina saol? T\u00e1 s\u00e9 t\u00e1bhachtach go motha\u00edonn do leanbh ar a chompord ag teacht chugat m\u00e1 bh\u00edonn fadhbanna acu ar l\u00edne, ar n\u00f3s bula\u00edocht n\u00f3 rud \u00e9igin m\u00edchu\u00ed a fheice\u00e1il.<\/span><\/li>\n<li style=\"font-weight: 400;\" aria-level=\"1\"><span style=\"font-weight: 400;\">Bainist\u00edocht Ama: An f\u00e9idir leo a gcuid ama a chothrom\u00fa idir an scoil, cairde agus caitheamh aimsire gan gream\u00fa d\u00e1 nguth\u00e1n? M\u00e1s f\u00e9idir leo am sc\u00e1ile\u00e1in a bhainisti\u00fa go maith, is comhartha \u00e9 go bhf\u00e9adfadh siad a bheith r\u00e9idh.<\/span><\/li>\n<li style=\"font-weight: 400;\" aria-level=\"1\"><span style=\"font-weight: 400;\">Smaointeoireacht Chritici\u00fail: An f\u00e9idir leo an difr\u00edocht idir faisn\u00e9is fh\u00edor agus fhaisn\u00e9is bhr\u00e9ige a insint ar l\u00edne? T\u00e1 s\u00e9 t\u00e1bhachtach go mbeadh tuiscint mhaith ar na me\u00e1in chumars\u00e1ide agus mar sin n\u00ed bh\u00edonn siad i mbaol faisn\u00e9ise m\u00edcheart n\u00f3 n\u00ed thiteann siad as na cine\u00e1lacha m\u00edchearta \u00e1bhair.<\/span><\/li>\n<\/ul>\n<hr \/>\n<p><img loading=\"lazy\" decoding=\"async\" class=\"size-full wp-image-294519 alignnone\" src=\"https:\/\/kidslox.com\/wp-content\/uploads\/2025\/07\/when-should-i-let-my-kids-have-social-media-img-3-1.jpg\" alt=\"When should I let my kids have social media?\" width=\"686\" height=\"337\" srcset=\"https:\/\/kidslox.com\/wp-content\/uploads\/2025\/07\/when-should-i-let-my-kids-have-social-media-img-3-1.jpg 686w, https:\/\/kidslox.com\/wp-content\/uploads\/2025\/07\/when-should-i-let-my-kids-have-social-media-img-3-1-300x147.jpg 300w\" sizes=\"auto, (max-width: 686px) 100vw, 686px\" \/><\/p>\n<h2><span class=\"ez-toc-section\" id=\"ce-na-meain-shoisialta-le-tosu\"><\/span><strong>C\u00e9 na me\u00e1in sh\u00f3isialta le tos\u00fa<\/strong><span class=\"ez-toc-section-end\"><\/span><\/h2>\n<p><span style=\"font-weight: 400;\">Is maith le roinnt tuismitheoir\u00ed a gcuid p\u00e1ist\u00ed a thos\u00fa ar ard\u00e1n a \u00fas\u00e1ideann siad freisin, toisc go bhfuil s\u00e9 n\u00edos \u00e9asca a thuiscint cad at\u00e1 ar si\u00fal ag an leanbh agus conas cabhr\u00fa m\u00e1s g\u00e1 mar gheall ar an eolas pearsanta ar an ard\u00e1n. \u00c9 sin r\u00e1ite, beidh roinnt beala\u00ed me\u00e1n s\u00f3isialta mar phointe tosaigh n\u00e1d\u00fartha do do leanbh toisc go bhfuil a bpiara\u00ed ag caitheamh ama cheana f\u00e9in (mura bhfuil cairde do linbh ar na me\u00e1in sh\u00f3isialta go f\u00f3ill, is cinnte gur comhartha \u00e9 seo go bhf\u00e9adfadh s\u00e9 a bheith r\u00f3-luath).<\/span><\/p>\n<p><span style=\"font-weight: 400;\">I gc\u00e1s roinnt a bheidh ina Snapchat, do dhaoine eile Discord, do dhuine \u00e9igin eile TikTok. Cib\u00e9 ard\u00e1n at\u00e1 ann, teorannaigh iad chuig ard\u00e1n amh\u00e1in ar dt\u00fas, agus spreag \u00fas\u00e1id na me\u00e1n s\u00f3isialta a chuireann b\u00e9im ar idirghn\u00edomh\u00fa le cairde a bhfuil aithne agat orthu sa saol f\u00edor seachas bualadh le daoine nua ar l\u00edne.<\/span><\/p>\n<p><span style=\"font-weight: 400;\">Labhair leo faoin mbealach a n-\u00fas\u00e1ideann siad an t-ard\u00e1n, na cine\u00e1lacha \u00e1bhair a mb\u00edonn baint acu leis, an m\u00e9id agus an cine\u00e1l faisn\u00e9ise pearsanta a roinneann siad a) leis an ard\u00e1n f\u00e9in, b) le daoine eile.<\/span><\/p>\n<p><span style=\"font-weight: 400;\">De r\u00e9ir mar a l\u00e9ir\u00edonn siad a n-aib\u00edocht, d&#8217;fh\u00e9adfadh s\u00e9 a bheith oiri\u00fanach n\u00edos m\u00f3 ard\u00e1n a chur leis. <\/span><\/p>\n","protected":false},"excerpt":{"rendered":"<p>N\u00edl s\u00e9 neamhghn\u00e1ch do ph\u00e1ist\u00ed br\u00fa a fh\u00e1il \u00f3na bpiara\u00ed dul ar na me\u00e1in sh\u00f3isialta, go h\u00e1irithe agus iad ag dul isteach ina nd\u00e9ag\u00f3ir\u00ed. D\u00edreach mar gheall ar &#8220;t\u00e1 gach duine&#8221; \u00e1fach, n\u00ed g\u00e1 gurb \u00e9 an tr\u00e1th ceart \u00e9 do do leanbh. Go teicni\u00fail, n\u00ed cheada\u00edonn formh\u00f3r na n-ard\u00e1n me\u00e1n s\u00f3isialta do leana\u00ed faoi [&hellip;]<\/p>\n","protected":false},"author":1,"featured_media":294491,"template":"","class_list":["post-294817","parental-tips","type-parental-tips","status-publish","has-post-thumbnail","hentry"],"acf":[],"yoast_head":"<!-- This site is optimized with the Yoast SEO plugin v26.7 - https:\/\/yoast.com\/wordpress\/plugins\/seo\/ -->\n<title>Parental tip: Cathain ba ch\u00f3ir dom ligean do mo ph\u00e1ist\u00ed me\u00e1in sh\u00f3isialta a bheith acu? | Kidslox<\/title>\n<meta name=\"description\" content=\"N\u00edl s\u00e9 neamhghn\u00e1ch do ph\u00e1ist\u00ed br\u00fa a fh\u00e1il \u00f3na bpiara\u00ed dul ar na me\u00e1in sh\u00f3isialta, go h\u00e1irithe agus iad ag dul isteach ina nd\u00e9ag\u00f3ir\u00ed. D\u00edreach mar gheall ar\" \/>\n<meta name=\"robots\" content=\"index, follow, max-snippet:-1, max-image-preview:large, max-video-preview:-1\" \/>\n<link rel=\"canonical\" href=\"https:\/\/kidslox.com\/ga\/parental-tips\/when-should-i-let-my-kids-have-social-media\/\" \/>\n<meta property=\"og:locale\" content=\"ga_IE\" \/>\n<meta property=\"og:type\" content=\"article\" \/>\n<meta property=\"og:title\" content=\"Parental tip: Cathain ba ch\u00f3ir dom ligean do mo ph\u00e1ist\u00ed me\u00e1in sh\u00f3isialta a bheith acu? | Kidslox\" \/>\n<meta property=\"og:description\" content=\"N\u00edl s\u00e9 neamhghn\u00e1ch do ph\u00e1ist\u00ed br\u00fa a fh\u00e1il \u00f3na bpiara\u00ed dul ar na me\u00e1in sh\u00f3isialta, go h\u00e1irithe agus iad ag dul isteach ina nd\u00e9ag\u00f3ir\u00ed. D\u00edreach mar gheall ar\" \/>\n<meta property=\"og:url\" content=\"https:\/\/kidslox.com\/ga\/parental-tips\/when-should-i-let-my-kids-have-social-media\/\" \/>\n<meta property=\"og:site_name\" content=\"Kidslox\" \/>\n<meta property=\"article:publisher\" content=\"https:\/\/www.facebook.com\/kidslox\" \/>\n<meta property=\"article:modified_time\" content=\"2025-07-24T11:18:59+00:00\" \/>\n<meta property=\"og:image\" content=\"https:\/\/kidslox.com\/wp-content\/uploads\/2025\/07\/when-should-i-let-my-kids-have-social-media-img-1-1.jpg\" \/>\n\t<meta property=\"og:image:width\" content=\"686\" \/>\n\t<meta property=\"og:image:height\" content=\"336\" \/>\n\t<meta property=\"og:image:type\" content=\"image\/jpeg\" \/>\n<meta name=\"twitter:card\" content=\"summary_large_image\" \/>\n<meta name=\"twitter:site\" content=\"@kidslox\" \/>\n<meta name=\"twitter:label1\" content=\"Est. reading time\" \/>\n\t<meta name=\"twitter:data1\" content=\"4 minutes\" \/>\n<script type=\"application\/ld+json\" class=\"yoast-schema-graph\">{\"@context\":\"https:\/\/schema.org\",\"@graph\":[{\"@type\":\"Article\",\"@id\":\"https:\/\/kidslox.com\/ga\/parental-tips\/when-should-i-let-my-kids-have-social-media\/#article\",\"isPartOf\":{\"@id\":\"https:\/\/kidslox.com\/ga\/parental-tips\/when-should-i-let-my-kids-have-social-media\/\"},\"author\":{\"name\":\"Administrator\",\"@id\":\"https:\/\/kidslox.com\/ga\/#\/schema\/person\/f8c0dc0e1b168732e637f0c50c6ad6ba\"},\"headline\":\"Cathain ba ch\u00f3ir dom ligean do mo ph\u00e1ist\u00ed me\u00e1in sh\u00f3isialta a bheith acu?\",\"datePublished\":\"2025-07-22T07:25:52+00:00\",\"dateModified\":\"2025-07-24T11:18:59+00:00\",\"mainEntityOfPage\":{\"@id\":\"https:\/\/kidslox.com\/ga\/parental-tips\/when-should-i-let-my-kids-have-social-media\/\"},\"wordCount\":873,\"publisher\":{\"@id\":\"https:\/\/kidslox.com\/ga\/#organization\"},\"image\":{\"@id\":\"https:\/\/kidslox.com\/ga\/parental-tips\/when-should-i-let-my-kids-have-social-media\/#primaryimage\"},\"thumbnailUrl\":\"https:\/\/kidslox.com\/wp-content\/uploads\/2025\/07\/when-should-i-let-my-kids-have-social-media-img-1-1.jpg\",\"inLanguage\":\"ga-IE\"},{\"@type\":\"WebPage\",\"@id\":\"https:\/\/kidslox.com\/ga\/parental-tips\/when-should-i-let-my-kids-have-social-media\/\",\"url\":\"https:\/\/kidslox.com\/ga\/parental-tips\/when-should-i-let-my-kids-have-social-media\/\",\"name\":\"Parental tip: Cathain ba ch\u00f3ir dom ligean do mo ph\u00e1ist\u00ed me\u00e1in sh\u00f3isialta a bheith acu? | Kidslox\",\"isPartOf\":{\"@id\":\"https:\/\/kidslox.com\/ga\/#website\"},\"primaryImageOfPage\":{\"@id\":\"https:\/\/kidslox.com\/ga\/parental-tips\/when-should-i-let-my-kids-have-social-media\/#primaryimage\"},\"image\":{\"@id\":\"https:\/\/kidslox.com\/ga\/parental-tips\/when-should-i-let-my-kids-have-social-media\/#primaryimage\"},\"thumbnailUrl\":\"https:\/\/kidslox.com\/wp-content\/uploads\/2025\/07\/when-should-i-let-my-kids-have-social-media-img-1-1.jpg\",\"datePublished\":\"2025-07-22T07:25:52+00:00\",\"dateModified\":\"2025-07-24T11:18:59+00:00\",\"description\":\"N\u00edl s\u00e9 neamhghn\u00e1ch do ph\u00e1ist\u00ed br\u00fa a fh\u00e1il \u00f3na bpiara\u00ed dul ar na me\u00e1in sh\u00f3isialta, go h\u00e1irithe agus iad ag dul isteach ina nd\u00e9ag\u00f3ir\u00ed. D\u00edreach mar gheall ar\",\"breadcrumb\":{\"@id\":\"https:\/\/kidslox.com\/ga\/parental-tips\/when-should-i-let-my-kids-have-social-media\/#breadcrumb\"},\"inLanguage\":\"ga-IE\",\"potentialAction\":[{\"@type\":\"ReadAction\",\"target\":[\"https:\/\/kidslox.com\/ga\/parental-tips\/when-should-i-let-my-kids-have-social-media\/\"]}]},{\"@type\":\"ImageObject\",\"inLanguage\":\"ga-IE\",\"@id\":\"https:\/\/kidslox.com\/ga\/parental-tips\/when-should-i-let-my-kids-have-social-media\/#primaryimage\",\"url\":\"https:\/\/kidslox.com\/wp-content\/uploads\/2025\/07\/when-should-i-let-my-kids-have-social-media-img-1-1.jpg\",\"contentUrl\":\"https:\/\/kidslox.com\/wp-content\/uploads\/2025\/07\/when-should-i-let-my-kids-have-social-media-img-1-1.jpg\",\"width\":686,\"height\":336,\"caption\":\"When should I let my kids have social media?\"},{\"@type\":\"BreadcrumbList\",\"@id\":\"https:\/\/kidslox.com\/ga\/parental-tips\/when-should-i-let-my-kids-have-social-media\/#breadcrumb\",\"itemListElement\":[{\"@type\":\"ListItem\",\"position\":1,\"name\":\"Home\",\"item\":\"https:\/\/kidslox.com\"},{\"@type\":\"ListItem\",\"position\":2,\"name\":\"Cathain ba ch\u00f3ir dom ligean do mo ph\u00e1ist\u00ed me\u00e1in sh\u00f3isialta a bheith acu?\"}]},{\"@type\":\"WebSite\",\"@id\":\"https:\/\/kidslox.com\/ga\/#website\",\"url\":\"https:\/\/kidslox.com\/ga\/\",\"name\":\"Kidslox\",\"description\":\"Parental control app for iPhone and Android. Join millions of parents using the best parental control apps for iPhone parental control, Android &amp; more\",\"publisher\":{\"@id\":\"https:\/\/kidslox.com\/ga\/#organization\"},\"potentialAction\":[{\"@type\":\"SearchAction\",\"target\":{\"@type\":\"EntryPoint\",\"urlTemplate\":\"https:\/\/kidslox.com\/ga\/?s={search_term_string}\"},\"query-input\":{\"@type\":\"PropertyValueSpecification\",\"valueRequired\":true,\"valueName\":\"search_term_string\"}}],\"inLanguage\":\"ga-IE\"},{\"@type\":\"Organization\",\"@id\":\"https:\/\/kidslox.com\/ga\/#organization\",\"name\":\"Kidslox, Inc.\",\"url\":\"https:\/\/kidslox.com\/ga\/\",\"logo\":{\"@type\":\"ImageObject\",\"inLanguage\":\"ga-IE\",\"@id\":\"https:\/\/kidslox.com\/ga\/#\/schema\/logo\/image\/\",\"url\":\"https:\/\/kidslox.com\/wp-content\/uploads\/2021\/11\/kidslox-logo.png\",\"contentUrl\":\"https:\/\/kidslox.com\/wp-content\/uploads\/2021\/11\/kidslox-logo.png\",\"width\":150,\"height\":28,\"caption\":\"Kidslox, Inc.\"},\"image\":{\"@id\":\"https:\/\/kidslox.com\/ga\/#\/schema\/logo\/image\/\"},\"sameAs\":[\"https:\/\/www.facebook.com\/kidslox\",\"https:\/\/x.com\/kidslox\",\"https:\/\/www.instagram.com\/kidslox\/\",\"https:\/\/www.linkedin.com\/company\/kidslox\",\"https:\/\/www.youtube.com\/channel\/UCPOp4Py6LY9GdJyIvd1Z2Vw\"]},{\"@type\":\"Person\",\"@id\":\"https:\/\/kidslox.com\/ga\/#\/schema\/person\/f8c0dc0e1b168732e637f0c50c6ad6ba\",\"name\":\"Administrator\",\"image\":{\"@type\":\"ImageObject\",\"inLanguage\":\"ga-IE\",\"@id\":\"https:\/\/kidslox.com\/ga\/#\/schema\/person\/image\/\",\"url\":\"https:\/\/kidslox.com\/wp-content\/uploads\/2021\/12\/App-icon-96x96.png\",\"contentUrl\":\"https:\/\/kidslox.com\/wp-content\/uploads\/2021\/12\/App-icon-96x96.png\",\"caption\":\"Administrator\"},\"sameAs\":[\"http:\/\/kidslox.com\"]}]}<\/script>\n<!-- \/ Yoast SEO plugin. -->","yoast_head_json":{"title":"Parental tip: Cathain ba ch\u00f3ir dom ligean do mo ph\u00e1ist\u00ed me\u00e1in sh\u00f3isialta a bheith acu? | Kidslox","description":"N\u00edl s\u00e9 neamhghn\u00e1ch do ph\u00e1ist\u00ed br\u00fa a fh\u00e1il \u00f3na bpiara\u00ed dul ar na me\u00e1in sh\u00f3isialta, go h\u00e1irithe agus iad ag dul isteach ina nd\u00e9ag\u00f3ir\u00ed. D\u00edreach mar gheall ar","robots":{"index":"index","follow":"follow","max-snippet":"max-snippet:-1","max-image-preview":"max-image-preview:large","max-video-preview":"max-video-preview:-1"},"canonical":"https:\/\/kidslox.com\/ga\/parental-tips\/when-should-i-let-my-kids-have-social-media\/","og_locale":"ga_IE","og_type":"article","og_title":"Parental tip: Cathain ba ch\u00f3ir dom ligean do mo ph\u00e1ist\u00ed me\u00e1in sh\u00f3isialta a bheith acu? | Kidslox","og_description":"N\u00edl s\u00e9 neamhghn\u00e1ch do ph\u00e1ist\u00ed br\u00fa a fh\u00e1il \u00f3na bpiara\u00ed dul ar na me\u00e1in sh\u00f3isialta, go h\u00e1irithe agus iad ag dul isteach ina nd\u00e9ag\u00f3ir\u00ed. D\u00edreach mar gheall ar","og_url":"https:\/\/kidslox.com\/ga\/parental-tips\/when-should-i-let-my-kids-have-social-media\/","og_site_name":"Kidslox","article_publisher":"https:\/\/www.facebook.com\/kidslox","article_modified_time":"2025-07-24T11:18:59+00:00","og_image":[{"width":686,"height":336,"url":"https:\/\/kidslox.com\/wp-content\/uploads\/2025\/07\/when-should-i-let-my-kids-have-social-media-img-1-1.jpg","type":"image\/jpeg"}],"twitter_card":"summary_large_image","twitter_site":"@kidslox","twitter_misc":{"Est. reading time":"4 minutes"},"schema":{"@context":"https:\/\/schema.org","@graph":[{"@type":"Article","@id":"https:\/\/kidslox.com\/ga\/parental-tips\/when-should-i-let-my-kids-have-social-media\/#article","isPartOf":{"@id":"https:\/\/kidslox.com\/ga\/parental-tips\/when-should-i-let-my-kids-have-social-media\/"},"author":{"name":"Administrator","@id":"https:\/\/kidslox.com\/ga\/#\/schema\/person\/f8c0dc0e1b168732e637f0c50c6ad6ba"},"headline":"Cathain ba ch\u00f3ir dom ligean do mo ph\u00e1ist\u00ed me\u00e1in sh\u00f3isialta a bheith acu?","datePublished":"2025-07-22T07:25:52+00:00","dateModified":"2025-07-24T11:18:59+00:00","mainEntityOfPage":{"@id":"https:\/\/kidslox.com\/ga\/parental-tips\/when-should-i-let-my-kids-have-social-media\/"},"wordCount":873,"publisher":{"@id":"https:\/\/kidslox.com\/ga\/#organization"},"image":{"@id":"https:\/\/kidslox.com\/ga\/parental-tips\/when-should-i-let-my-kids-have-social-media\/#primaryimage"},"thumbnailUrl":"https:\/\/kidslox.com\/wp-content\/uploads\/2025\/07\/when-should-i-let-my-kids-have-social-media-img-1-1.jpg","inLanguage":"ga-IE"},{"@type":"WebPage","@id":"https:\/\/kidslox.com\/ga\/parental-tips\/when-should-i-let-my-kids-have-social-media\/","url":"https:\/\/kidslox.com\/ga\/parental-tips\/when-should-i-let-my-kids-have-social-media\/","name":"Parental tip: Cathain ba ch\u00f3ir dom ligean do mo ph\u00e1ist\u00ed me\u00e1in sh\u00f3isialta a bheith acu? | Kidslox","isPartOf":{"@id":"https:\/\/kidslox.com\/ga\/#website"},"primaryImageOfPage":{"@id":"https:\/\/kidslox.com\/ga\/parental-tips\/when-should-i-let-my-kids-have-social-media\/#primaryimage"},"image":{"@id":"https:\/\/kidslox.com\/ga\/parental-tips\/when-should-i-let-my-kids-have-social-media\/#primaryimage"},"thumbnailUrl":"https:\/\/kidslox.com\/wp-content\/uploads\/2025\/07\/when-should-i-let-my-kids-have-social-media-img-1-1.jpg","datePublished":"2025-07-22T07:25:52+00:00","dateModified":"2025-07-24T11:18:59+00:00","description":"N\u00edl s\u00e9 neamhghn\u00e1ch do ph\u00e1ist\u00ed br\u00fa a fh\u00e1il \u00f3na bpiara\u00ed dul ar na me\u00e1in sh\u00f3isialta, go h\u00e1irithe agus iad ag dul isteach ina nd\u00e9ag\u00f3ir\u00ed. D\u00edreach mar gheall ar","breadcrumb":{"@id":"https:\/\/kidslox.com\/ga\/parental-tips\/when-should-i-let-my-kids-have-social-media\/#breadcrumb"},"inLanguage":"ga-IE","potentialAction":[{"@type":"ReadAction","target":["https:\/\/kidslox.com\/ga\/parental-tips\/when-should-i-let-my-kids-have-social-media\/"]}]},{"@type":"ImageObject","inLanguage":"ga-IE","@id":"https:\/\/kidslox.com\/ga\/parental-tips\/when-should-i-let-my-kids-have-social-media\/#primaryimage","url":"https:\/\/kidslox.com\/wp-content\/uploads\/2025\/07\/when-should-i-let-my-kids-have-social-media-img-1-1.jpg","contentUrl":"https:\/\/kidslox.com\/wp-content\/uploads\/2025\/07\/when-should-i-let-my-kids-have-social-media-img-1-1.jpg","width":686,"height":336,"caption":"When should I let my kids have social media?"},{"@type":"BreadcrumbList","@id":"https:\/\/kidslox.com\/ga\/parental-tips\/when-should-i-let-my-kids-have-social-media\/#breadcrumb","itemListElement":[{"@type":"ListItem","position":1,"name":"Home","item":"https:\/\/kidslox.com"},{"@type":"ListItem","position":2,"name":"Cathain ba ch\u00f3ir dom ligean do mo ph\u00e1ist\u00ed me\u00e1in sh\u00f3isialta a bheith acu?"}]},{"@type":"WebSite","@id":"https:\/\/kidslox.com\/ga\/#website","url":"https:\/\/kidslox.com\/ga\/","name":"Kidslox","description":"Parental control app for iPhone and Android. Join millions of parents using the best parental control apps for iPhone parental control, Android &amp; more","publisher":{"@id":"https:\/\/kidslox.com\/ga\/#organization"},"potentialAction":[{"@type":"SearchAction","target":{"@type":"EntryPoint","urlTemplate":"https:\/\/kidslox.com\/ga\/?s={search_term_string}"},"query-input":{"@type":"PropertyValueSpecification","valueRequired":true,"valueName":"search_term_string"}}],"inLanguage":"ga-IE"},{"@type":"Organization","@id":"https:\/\/kidslox.com\/ga\/#organization","name":"Kidslox, Inc.","url":"https:\/\/kidslox.com\/ga\/","logo":{"@type":"ImageObject","inLanguage":"ga-IE","@id":"https:\/\/kidslox.com\/ga\/#\/schema\/logo\/image\/","url":"https:\/\/kidslox.com\/wp-content\/uploads\/2021\/11\/kidslox-logo.png","contentUrl":"https:\/\/kidslox.com\/wp-content\/uploads\/2021\/11\/kidslox-logo.png","width":150,"height":28,"caption":"Kidslox, Inc."},"image":{"@id":"https:\/\/kidslox.com\/ga\/#\/schema\/logo\/image\/"},"sameAs":["https:\/\/www.facebook.com\/kidslox","https:\/\/x.com\/kidslox","https:\/\/www.instagram.com\/kidslox\/","https:\/\/www.linkedin.com\/company\/kidslox","https:\/\/www.youtube.com\/channel\/UCPOp4Py6LY9GdJyIvd1Z2Vw"]},{"@type":"Person","@id":"https:\/\/kidslox.com\/ga\/#\/schema\/person\/f8c0dc0e1b168732e637f0c50c6ad6ba","name":"Administrator","image":{"@type":"ImageObject","inLanguage":"ga-IE","@id":"https:\/\/kidslox.com\/ga\/#\/schema\/person\/image\/","url":"https:\/\/kidslox.com\/wp-content\/uploads\/2021\/12\/App-icon-96x96.png","contentUrl":"https:\/\/kidslox.com\/wp-content\/uploads\/2021\/12\/App-icon-96x96.png","caption":"Administrator"},"sameAs":["http:\/\/kidslox.com"]}]}},"_links":{"self":[{"href":"https:\/\/kidslox.com\/ga\/wp-json\/wp\/v2\/parental-tips\/294817","targetHints":{"allow":["GET"]}}],"collection":[{"href":"https:\/\/kidslox.com\/ga\/wp-json\/wp\/v2\/parental-tips"}],"about":[{"href":"https:\/\/kidslox.com\/ga\/wp-json\/wp\/v2\/types\/parental-tips"}],"author":[{"embeddable":true,"href":"https:\/\/kidslox.com\/ga\/wp-json\/wp\/v2\/users\/1"}],"wp:featuredmedia":[{"embeddable":true,"href":"https:\/\/kidslox.com\/ga\/wp-json\/wp\/v2\/media\/294491"}],"wp:attachment":[{"href":"https:\/\/kidslox.com\/ga\/wp-json\/wp\/v2\/media?parent=294817"}],"curies":[{"name":"wp","href":"https:\/\/api.w.org\/{rel}","templated":true}]}}