{"id":294808,"date":"2025-07-22T07:25:52","date_gmt":"2025-07-22T07:25:52","guid":{"rendered":"https:\/\/kidslox.com\/parental-tips\/when-should-i-let-my-kids-have-social-media\/"},"modified":"2025-07-24T10:07:36","modified_gmt":"2025-07-24T10:07:36","slug":"when-should-i-let-my-kids-have-social-media","status":"publish","type":"parental-tips","link":"https:\/\/kidslox.com\/hu\/parental-tips\/when-should-i-let-my-kids-have-social-media\/","title":{"rendered":"Mikor engedjem meg a gyerekeimnek a k\u00f6z\u00f6ss\u00e9gi m\u00e9di\u00e1t?"},"content":{"rendered":"<p><span style=\"font-weight: 400;\">Nem szokatlan, hogy a gyerekek n\u00e9mi nyom\u00e1st \u00e9reznek a t\u00e1rsaik r\u00e9sz\u00e9r\u0151l, hogy beker\u00fcljenek a k\u00f6z\u00f6ss\u00e9gi m\u00e9di\u00e1ba, k\u00fcl\u00f6n\u00f6sen amikor tin\u00e9dzser korba l\u00e9pnek. Csak az\u00e9rt, mert \u201emindenki ezt csin\u00e1lja\u201d, m\u00e9g nem felt\u00e9tlen\u00fcl jelenti azt, hogy ez a megfelel\u0151 pillanat a gyermeke sz\u00e1m\u00e1ra.<\/span><\/p>\n<p><span style=\"font-weight: 400;\">Technikailag a legt\u00f6bb k\u00f6z\u00f6ss\u00e9gi m\u00e9diaplatform nem teszi lehet\u0151v\u00e9 a 13 \u00e9v alatti gyermekek sz\u00e1m\u00e1ra, hogy fi\u00f3kot hozzanak l\u00e9tre, de ez nagyon gyeng\u00e9n \u00e9rv\u00e9nyes\u00fcl, \u00e9s sok fiatalabb gyereknek van fi\u00f3kja ezeken a platformokon. Noha egyes orsz\u00e1gok jogi lehet\u0151s\u00e9geket keresnek a szigor\u00fabb \u00e9letkor-ellen\u0151rz\u00e9s el\u0151\u00edr\u00e1s\u00e1ra, m\u00e9g ha elkezdik is ellen\u0151rizni az \u00faj fi\u00f3ktulajdonosok \u00e9letkor\u00e1t, val\u00f3ban a 13 \u00e9v a megfelel\u0151 kor a k\u00f6z\u00f6ss\u00e9gi m\u00e9di\u00e1ban?<\/span><\/p>\n<p><span style=\"font-weight: 400;\">A v\u00e1laszt\u00e1s v\u00e9gs\u0151 soron a sz\u00fcl\u0151k kez\u00e9ben van. Vannak, akik 13 \u00e9vesen, vagy m\u00e9g kor\u00e1bban is enged\u00e9lyezik a k\u00f6z\u00f6ss\u00e9gi m\u00e9di\u00e1t. Sok sz\u00fcl\u0151 \u00fagy d\u00f6nt, hogy csak 16 \u00e9ves kort\u00f3l enged\u00e9lyezi a k\u00f6z\u00f6ss\u00e9gi fi\u00f3kokat. Vagy csak 14-t\u0151l enged\u00e9lyezni egy fi\u00f3kot egy platformon, hogy k\u00f6nnyebb legyen nyomon k\u00f6vetni. Ezt a d\u00f6nt\u00e9st mindannyiunknak saj\u00e1t gyermek\u00fcnk helyzet\u00e9nek, sz\u00fcks\u00e9gleteinek \u00e9s jellem\u00e9nek figyelembev\u00e9tel\u00e9vel kell meghoznia.<\/span><\/p>\n<hr \/>\n<p><img loading=\"lazy\" decoding=\"async\" class=\"size-full wp-image-294572 alignnone\" src=\"https:\/\/kidslox.com\/wp-content\/uploads\/2025\/07\/when-should-i-let-my-kids-have-social-media-img-2-1.jpg\" alt=\"When should I let my kids have social media?\" width=\"686\" height=\"337\" srcset=\"https:\/\/kidslox.com\/wp-content\/uploads\/2025\/07\/when-should-i-let-my-kids-have-social-media-img-2-1.jpg 686w, https:\/\/kidslox.com\/wp-content\/uploads\/2025\/07\/when-should-i-let-my-kids-have-social-media-img-2-1-300x147.jpg 300w\" sizes=\"auto, (max-width: 686px) 100vw, 686px\" \/><\/p>\n<h2><span class=\"ez-toc-section\" id=\"keszen-all-a-gyermekem\"><\/span><strong>K\u00e9szen \u00e1ll a gyermekem?<\/strong><span class=\"ez-toc-section-end\"><\/span><\/h2>\n<p><strong>N\u00e9h\u00e1ny dolgot figyelembe kell venni, amikor eld\u00f6nti, hogy gyermeke k\u00e9szen \u00e1ll-e a k\u00f6z\u00f6ss\u00e9gi m\u00e9di\u00e1ra:<\/strong><\/p>\n<ul>\n<li style=\"font-weight: 400;\" aria-level=\"1\"><span style=\"font-weight: 400;\">\u00c9retts\u00e9gi szint: Tudja gyermeke kezelni a kritik\u00e1t vagy a negativit\u00e1st an\u00e9lk\u00fcl, hogy t\u00fals\u00e1gosan les\u00fcllyedne? A k\u00f6z\u00f6ss\u00e9gi m\u00e9dia n\u00e9ha durva megjegyz\u00e9seket hozhat, ez\u00e9rt fontos, hogy nyugodtan vegy\u00e9k ezt.<\/span><\/li>\n<li style=\"font-weight: 400;\" aria-level=\"1\"><span style=\"font-weight: 400;\">Az adatv\u00e9delem meg\u00e9rt\u00e9se: Meg\u00e9rtik, hogy mi\u00e9rt olyan nagy dolog a szem\u00e9lyes adatok titkosan tart\u00e1sa? Miel\u0151tt belemer\u00fcln\u00e9nek a k\u00f6z\u00f6ss\u00e9gi m\u00e9di\u00e1ba, tudniuk kell, hogy mi az, amit biztons\u00e1gosan megoszthat, \u00e9s mi az, amit nem szabad az internett\u0151l t\u00e1vol tartani, p\u00e9ld\u00e1ul hol \u00e9lnek, vagy b\u00e1rmi, ami t\u00fal szem\u00e9lyes.<\/span><\/li>\n<li style=\"font-weight: 400;\" aria-level=\"1\"><span style=\"font-weight: 400;\">K\u00e9pess\u00e9g a szab\u00e1lyok betart\u00e1s\u00e1ra: J\u00f3l tartja gyermeke a szab\u00e1lyokat, ak\u00e1r otthon, ak\u00e1r iskol\u00e1ban? A k\u00f6z\u00f6ss\u00e9gi m\u00e9di\u00e1nak megvannak a saj\u00e1t ir\u00e1nyelvei \u00e9s biztons\u00e1gi szab\u00e1lyai, \u00e9s el\u00e9g felel\u0151ss\u00e9gteljesnek kell lenni\u00fck ahhoz, hogy betarts\u00e1k ezeket.<\/span><\/li>\n<li style=\"font-weight: 400;\" aria-level=\"1\"><span style=\"font-weight: 400;\">Kommunik\u00e1ci\u00f3s k\u00e9szs\u00e9gek: Nyitottak veled, hogy mi t\u00f6rt\u00e9nik a vil\u00e1gukban? Fontos, hogy gyermeke j\u00f3l \u00e9rezze mag\u00e1t, ha \u00d6nh\u00f6z fordul, ha online probl\u00e9m\u00e1kba \u00fctk\u00f6zik, p\u00e9ld\u00e1ul zaklat\u00e1sba \u00fctk\u00f6zik, vagy ha valami nem megfelel\u0151t l\u00e1t.<\/span><\/li>\n<li style=\"font-weight: 400;\" aria-level=\"1\"><span style=\"font-weight: 400;\">Id\u0151gazd\u00e1lkod\u00e1s: Ki tudj\u00e1k egyens\u00falyozni az idej\u00fcket az iskola, a bar\u00e1tok \u00e9s a hobbik k\u00f6z\u00f6tt an\u00e9lk\u00fcl, hogy a telefonjukhoz ragaszkodn\u00e1nak? Ha j\u00f3l tudj\u00e1k kezelni a k\u00e9perny\u0151id\u0151t, az azt jelzi, hogy k\u00e9szen \u00e1llnak.<\/span><\/li>\n<li style=\"font-weight: 400;\" aria-level=\"1\"><span style=\"font-weight: 400;\">Kritikus gondolkod\u00e1s: Meg tudj\u00e1k k\u00fcl\u00f6nb\u00f6ztetni a val\u00f3s \u00e9s a hamis inform\u00e1ci\u00f3kat az interneten? Egy kis m\u00e9diaismeret az\u00e9rt fontos, hogy ne t\u00e9vessze meg \u0151ket a f\u00e9lret\u00e1j\u00e9koztat\u00e1s, \u00e9s ne d\u0151ljenek be a rossz t\u00edpus\u00fa tartalomnak.<\/span><\/li>\n<\/ul>\n<hr \/>\n<p><img loading=\"lazy\" decoding=\"async\" class=\"size-full wp-image-294519 alignnone\" src=\"https:\/\/kidslox.com\/wp-content\/uploads\/2025\/07\/when-should-i-let-my-kids-have-social-media-img-3-1.jpg\" alt=\"When should I let my kids have social media?\" width=\"686\" height=\"337\" srcset=\"https:\/\/kidslox.com\/wp-content\/uploads\/2025\/07\/when-should-i-let-my-kids-have-social-media-img-3-1.jpg 686w, https:\/\/kidslox.com\/wp-content\/uploads\/2025\/07\/when-should-i-let-my-kids-have-social-media-img-3-1-300x147.jpg 300w\" sizes=\"auto, (max-width: 686px) 100vw, 686px\" \/><\/p>\n<h2><span class=\"ez-toc-section\" id=\"melyik-kozossegi-mediaval-kezdjem\"><\/span><strong>Melyik k\u00f6z\u00f6ss\u00e9gi m\u00e9di\u00e1val kezdjem<\/strong><span class=\"ez-toc-section-end\"><\/span><\/h2>\n<p><span style=\"font-weight: 400;\">Egyes sz\u00fcl\u0151k szeretik gyermekeiket egy olyan platformon ind\u00edtani, amelyet \u0151k is haszn\u00e1lnak, mert a platform szem\u00e9lyes ismerete megk\u00f6nny\u00edti a gyermek tev\u00e9kenys\u00e9g\u00e9nek meg\u00e9rt\u00e9s\u00e9t, \u00e9s seg\u00edt abban, hogy sz\u00fcks\u00e9g eset\u00e9n hogyan seg\u00edtsen. Ennek ellen\u00e9re bizonyos k\u00f6z\u00f6ss\u00e9gim\u00e9dia-csatorn\u00e1k term\u00e9szetes kiindul\u00f3pontot jelentenek gyermeke sz\u00e1m\u00e1ra, mivel ott vannak, ahol t\u00e1rsai m\u00e1r t\u00f6ltik az idej\u00fcket (ha gyermeke bar\u00e1tai m\u00e9g nincsenek a k\u00f6z\u00f6ss\u00e9gi m\u00e9di\u00e1ban, ez hat\u00e1rozottan annak a jele, hogy m\u00e9g t\u00fal korai).<\/span><\/p>\n<p><span style=\"font-weight: 400;\">Egyesek sz\u00e1m\u00e1ra ez lesz a Snapchat, m\u00e1soknak Discord, valakinek a TikTok. B\u00e1rmelyik platformr\u00f3l is legyen sz\u00f3, kezdetben korl\u00e1tozza \u0151ket egy platformra, \u00e9s \u00f6szt\u00f6n\u00f6zze a k\u00f6z\u00f6ss\u00e9gi m\u00e9dia olyan haszn\u00e1lat\u00e1t, amely a val\u00f3 \u00e9letben ismert ismer\u0151seivel val\u00f3 interakci\u00f3t helyezi el\u0151t\u00e9rbe, nem pedig \u00faj emberekkel val\u00f3 online tal\u00e1lkoz\u00e1sra.<\/span><\/p>\n<p><span style=\"font-weight: 400;\">Besz\u00e9ljen vel\u00fck arr\u00f3l, hogyan haszn\u00e1lj\u00e1k a platformot, milyen tartalommal foglalkoznak, milyen mennyis\u00e9g\u0171 \u00e9s t\u00edpus\u00fa szem\u00e9lyes inform\u00e1ci\u00f3t osztanak meg a) mag\u00e1val a platformmal, b) m\u00e1sokkal.<\/span><\/p>\n<p><span style=\"font-weight: 400;\">Ahogy bizony\u00edtj\u00e1k \u00e9retts\u00e9g\u00fcket, hely\u00e9nval\u00f3 lehet tov\u00e1bbi platformok hozz\u00e1ad\u00e1sa. <\/span><\/p>\n","protected":false},"excerpt":{"rendered":"<p>Nem szokatlan, hogy a gyerekek n\u00e9mi nyom\u00e1st \u00e9reznek a t\u00e1rsaik r\u00e9sz\u00e9r\u0151l, hogy beker\u00fcljenek a k\u00f6z\u00f6ss\u00e9gi m\u00e9di\u00e1ba, k\u00fcl\u00f6n\u00f6sen amikor tin\u00e9dzser korba l\u00e9pnek. Csak az\u00e9rt, mert \u201emindenki ezt csin\u00e1lja\u201d, m\u00e9g nem felt\u00e9tlen\u00fcl jelenti azt, hogy ez a megfelel\u0151 pillanat a gyermeke sz\u00e1m\u00e1ra. Technikailag a legt\u00f6bb k\u00f6z\u00f6ss\u00e9gi m\u00e9diaplatform nem teszi lehet\u0151v\u00e9 a 13 \u00e9v alatti gyermekek sz\u00e1m\u00e1ra, hogy [&hellip;]<\/p>\n","protected":false},"author":1,"featured_media":294488,"template":"","class_list":["post-294808","parental-tips","type-parental-tips","status-publish","has-post-thumbnail","hentry"],"acf":[],"yoast_head":"<!-- This site is optimized with the Yoast SEO plugin v26.7 - https:\/\/yoast.com\/wordpress\/plugins\/seo\/ -->\n<title>Parental tip: Mikor engedjem meg a gyerekeimnek a k\u00f6z\u00f6ss\u00e9gi m\u00e9di\u00e1t? | Kidslox<\/title>\n<meta name=\"description\" content=\"Nem szokatlan, hogy a gyerekek n\u00e9mi nyom\u00e1st \u00e9reznek a t\u00e1rsaik r\u00e9sz\u00e9r\u0151l, hogy beker\u00fcljenek a k\u00f6z\u00f6ss\u00e9gi m\u00e9di\u00e1ba, k\u00fcl\u00f6n\u00f6sen amikor tin\u00e9dzser korba l\u00e9pnek.\" \/>\n<meta name=\"robots\" content=\"index, follow, max-snippet:-1, max-image-preview:large, max-video-preview:-1\" \/>\n<link rel=\"canonical\" href=\"https:\/\/kidslox.com\/hu\/parental-tips\/when-should-i-let-my-kids-have-social-media\/\" \/>\n<meta property=\"og:locale\" content=\"hu_HU\" \/>\n<meta property=\"og:type\" content=\"article\" \/>\n<meta property=\"og:title\" content=\"Parental tip: Mikor engedjem meg a gyerekeimnek a k\u00f6z\u00f6ss\u00e9gi m\u00e9di\u00e1t? | Kidslox\" \/>\n<meta property=\"og:description\" content=\"Nem szokatlan, hogy a gyerekek n\u00e9mi nyom\u00e1st \u00e9reznek a t\u00e1rsaik r\u00e9sz\u00e9r\u0151l, hogy beker\u00fcljenek a k\u00f6z\u00f6ss\u00e9gi m\u00e9di\u00e1ba, k\u00fcl\u00f6n\u00f6sen amikor tin\u00e9dzser korba l\u00e9pnek.\" \/>\n<meta property=\"og:url\" content=\"https:\/\/kidslox.com\/hu\/parental-tips\/when-should-i-let-my-kids-have-social-media\/\" \/>\n<meta property=\"og:site_name\" content=\"Kidslox\" \/>\n<meta property=\"article:publisher\" content=\"https:\/\/www.facebook.com\/kidslox\" \/>\n<meta property=\"article:modified_time\" content=\"2025-07-24T10:07:36+00:00\" \/>\n<meta property=\"og:image\" content=\"https:\/\/kidslox.com\/wp-content\/uploads\/2025\/07\/when-should-i-let-my-kids-have-social-media-img-1-1.jpg\" \/>\n\t<meta property=\"og:image:width\" content=\"686\" \/>\n\t<meta property=\"og:image:height\" content=\"336\" \/>\n\t<meta property=\"og:image:type\" content=\"image\/jpeg\" \/>\n<meta name=\"twitter:card\" content=\"summary_large_image\" \/>\n<meta name=\"twitter:site\" content=\"@kidslox\" \/>\n<meta name=\"twitter:label1\" content=\"Est. reading time\" \/>\n\t<meta name=\"twitter:data1\" content=\"4 minutes\" \/>\n<script type=\"application\/ld+json\" class=\"yoast-schema-graph\">{\"@context\":\"https:\/\/schema.org\",\"@graph\":[{\"@type\":\"Article\",\"@id\":\"https:\/\/kidslox.com\/hu\/parental-tips\/when-should-i-let-my-kids-have-social-media\/#article\",\"isPartOf\":{\"@id\":\"https:\/\/kidslox.com\/hu\/parental-tips\/when-should-i-let-my-kids-have-social-media\/\"},\"author\":{\"name\":\"Administrator\",\"@id\":\"https:\/\/kidslox.com\/hu\/#\/schema\/person\/f8c0dc0e1b168732e637f0c50c6ad6ba\"},\"headline\":\"Mikor engedjem meg a gyerekeimnek a k\u00f6z\u00f6ss\u00e9gi m\u00e9di\u00e1t?\",\"datePublished\":\"2025-07-22T07:25:52+00:00\",\"dateModified\":\"2025-07-24T10:07:36+00:00\",\"mainEntityOfPage\":{\"@id\":\"https:\/\/kidslox.com\/hu\/parental-tips\/when-should-i-let-my-kids-have-social-media\/\"},\"wordCount\":840,\"publisher\":{\"@id\":\"https:\/\/kidslox.com\/hu\/#organization\"},\"image\":{\"@id\":\"https:\/\/kidslox.com\/hu\/parental-tips\/when-should-i-let-my-kids-have-social-media\/#primaryimage\"},\"thumbnailUrl\":\"https:\/\/kidslox.com\/wp-content\/uploads\/2025\/07\/when-should-i-let-my-kids-have-social-media-img-1-1.jpg\",\"inLanguage\":\"hu-HU\"},{\"@type\":\"WebPage\",\"@id\":\"https:\/\/kidslox.com\/hu\/parental-tips\/when-should-i-let-my-kids-have-social-media\/\",\"url\":\"https:\/\/kidslox.com\/hu\/parental-tips\/when-should-i-let-my-kids-have-social-media\/\",\"name\":\"Parental tip: Mikor engedjem meg a gyerekeimnek a k\u00f6z\u00f6ss\u00e9gi m\u00e9di\u00e1t? | Kidslox\",\"isPartOf\":{\"@id\":\"https:\/\/kidslox.com\/hu\/#website\"},\"primaryImageOfPage\":{\"@id\":\"https:\/\/kidslox.com\/hu\/parental-tips\/when-should-i-let-my-kids-have-social-media\/#primaryimage\"},\"image\":{\"@id\":\"https:\/\/kidslox.com\/hu\/parental-tips\/when-should-i-let-my-kids-have-social-media\/#primaryimage\"},\"thumbnailUrl\":\"https:\/\/kidslox.com\/wp-content\/uploads\/2025\/07\/when-should-i-let-my-kids-have-social-media-img-1-1.jpg\",\"datePublished\":\"2025-07-22T07:25:52+00:00\",\"dateModified\":\"2025-07-24T10:07:36+00:00\",\"description\":\"Nem szokatlan, hogy a gyerekek n\u00e9mi nyom\u00e1st \u00e9reznek a t\u00e1rsaik r\u00e9sz\u00e9r\u0151l, hogy beker\u00fcljenek a k\u00f6z\u00f6ss\u00e9gi m\u00e9di\u00e1ba, k\u00fcl\u00f6n\u00f6sen amikor tin\u00e9dzser korba l\u00e9pnek.\",\"breadcrumb\":{\"@id\":\"https:\/\/kidslox.com\/hu\/parental-tips\/when-should-i-let-my-kids-have-social-media\/#breadcrumb\"},\"inLanguage\":\"hu-HU\",\"potentialAction\":[{\"@type\":\"ReadAction\",\"target\":[\"https:\/\/kidslox.com\/hu\/parental-tips\/when-should-i-let-my-kids-have-social-media\/\"]}]},{\"@type\":\"ImageObject\",\"inLanguage\":\"hu-HU\",\"@id\":\"https:\/\/kidslox.com\/hu\/parental-tips\/when-should-i-let-my-kids-have-social-media\/#primaryimage\",\"url\":\"https:\/\/kidslox.com\/wp-content\/uploads\/2025\/07\/when-should-i-let-my-kids-have-social-media-img-1-1.jpg\",\"contentUrl\":\"https:\/\/kidslox.com\/wp-content\/uploads\/2025\/07\/when-should-i-let-my-kids-have-social-media-img-1-1.jpg\",\"width\":686,\"height\":336,\"caption\":\"When should I let my kids have social media?\"},{\"@type\":\"BreadcrumbList\",\"@id\":\"https:\/\/kidslox.com\/hu\/parental-tips\/when-should-i-let-my-kids-have-social-media\/#breadcrumb\",\"itemListElement\":[{\"@type\":\"ListItem\",\"position\":1,\"name\":\"Home\",\"item\":\"https:\/\/kidslox.com\"},{\"@type\":\"ListItem\",\"position\":2,\"name\":\"Mikor engedjem meg a gyerekeimnek a k\u00f6z\u00f6ss\u00e9gi m\u00e9di\u00e1t?\"}]},{\"@type\":\"WebSite\",\"@id\":\"https:\/\/kidslox.com\/hu\/#website\",\"url\":\"https:\/\/kidslox.com\/hu\/\",\"name\":\"Kidslox\",\"description\":\"Parental control app for iPhone and Android. Join millions of parents using the best parental control apps for iPhone parental control, Android &amp; more\",\"publisher\":{\"@id\":\"https:\/\/kidslox.com\/hu\/#organization\"},\"potentialAction\":[{\"@type\":\"SearchAction\",\"target\":{\"@type\":\"EntryPoint\",\"urlTemplate\":\"https:\/\/kidslox.com\/hu\/?s={search_term_string}\"},\"query-input\":{\"@type\":\"PropertyValueSpecification\",\"valueRequired\":true,\"valueName\":\"search_term_string\"}}],\"inLanguage\":\"hu-HU\"},{\"@type\":\"Organization\",\"@id\":\"https:\/\/kidslox.com\/hu\/#organization\",\"name\":\"Kidslox, Inc.\",\"url\":\"https:\/\/kidslox.com\/hu\/\",\"logo\":{\"@type\":\"ImageObject\",\"inLanguage\":\"hu-HU\",\"@id\":\"https:\/\/kidslox.com\/hu\/#\/schema\/logo\/image\/\",\"url\":\"https:\/\/kidslox.com\/wp-content\/uploads\/2021\/11\/kidslox-logo.png\",\"contentUrl\":\"https:\/\/kidslox.com\/wp-content\/uploads\/2021\/11\/kidslox-logo.png\",\"width\":150,\"height\":28,\"caption\":\"Kidslox, Inc.\"},\"image\":{\"@id\":\"https:\/\/kidslox.com\/hu\/#\/schema\/logo\/image\/\"},\"sameAs\":[\"https:\/\/www.facebook.com\/kidslox\",\"https:\/\/x.com\/kidslox\",\"https:\/\/www.instagram.com\/kidslox\/\",\"https:\/\/www.linkedin.com\/company\/kidslox\",\"https:\/\/www.youtube.com\/channel\/UCPOp4Py6LY9GdJyIvd1Z2Vw\"]},{\"@type\":\"Person\",\"@id\":\"https:\/\/kidslox.com\/hu\/#\/schema\/person\/f8c0dc0e1b168732e637f0c50c6ad6ba\",\"name\":\"Administrator\",\"image\":{\"@type\":\"ImageObject\",\"inLanguage\":\"hu-HU\",\"@id\":\"https:\/\/kidslox.com\/hu\/#\/schema\/person\/image\/\",\"url\":\"https:\/\/kidslox.com\/wp-content\/uploads\/2021\/12\/App-icon-96x96.png\",\"contentUrl\":\"https:\/\/kidslox.com\/wp-content\/uploads\/2021\/12\/App-icon-96x96.png\",\"caption\":\"Administrator\"},\"sameAs\":[\"http:\/\/kidslox.com\"]}]}<\/script>\n<!-- \/ Yoast SEO plugin. -->","yoast_head_json":{"title":"Parental tip: Mikor engedjem meg a gyerekeimnek a k\u00f6z\u00f6ss\u00e9gi m\u00e9di\u00e1t? | Kidslox","description":"Nem szokatlan, hogy a gyerekek n\u00e9mi nyom\u00e1st \u00e9reznek a t\u00e1rsaik r\u00e9sz\u00e9r\u0151l, hogy beker\u00fcljenek a k\u00f6z\u00f6ss\u00e9gi m\u00e9di\u00e1ba, k\u00fcl\u00f6n\u00f6sen amikor tin\u00e9dzser korba l\u00e9pnek.","robots":{"index":"index","follow":"follow","max-snippet":"max-snippet:-1","max-image-preview":"max-image-preview:large","max-video-preview":"max-video-preview:-1"},"canonical":"https:\/\/kidslox.com\/hu\/parental-tips\/when-should-i-let-my-kids-have-social-media\/","og_locale":"hu_HU","og_type":"article","og_title":"Parental tip: Mikor engedjem meg a gyerekeimnek a k\u00f6z\u00f6ss\u00e9gi m\u00e9di\u00e1t? | Kidslox","og_description":"Nem szokatlan, hogy a gyerekek n\u00e9mi nyom\u00e1st \u00e9reznek a t\u00e1rsaik r\u00e9sz\u00e9r\u0151l, hogy beker\u00fcljenek a k\u00f6z\u00f6ss\u00e9gi m\u00e9di\u00e1ba, k\u00fcl\u00f6n\u00f6sen amikor tin\u00e9dzser korba l\u00e9pnek.","og_url":"https:\/\/kidslox.com\/hu\/parental-tips\/when-should-i-let-my-kids-have-social-media\/","og_site_name":"Kidslox","article_publisher":"https:\/\/www.facebook.com\/kidslox","article_modified_time":"2025-07-24T10:07:36+00:00","og_image":[{"width":686,"height":336,"url":"https:\/\/kidslox.com\/wp-content\/uploads\/2025\/07\/when-should-i-let-my-kids-have-social-media-img-1-1.jpg","type":"image\/jpeg"}],"twitter_card":"summary_large_image","twitter_site":"@kidslox","twitter_misc":{"Est. reading time":"4 minutes"},"schema":{"@context":"https:\/\/schema.org","@graph":[{"@type":"Article","@id":"https:\/\/kidslox.com\/hu\/parental-tips\/when-should-i-let-my-kids-have-social-media\/#article","isPartOf":{"@id":"https:\/\/kidslox.com\/hu\/parental-tips\/when-should-i-let-my-kids-have-social-media\/"},"author":{"name":"Administrator","@id":"https:\/\/kidslox.com\/hu\/#\/schema\/person\/f8c0dc0e1b168732e637f0c50c6ad6ba"},"headline":"Mikor engedjem meg a gyerekeimnek a k\u00f6z\u00f6ss\u00e9gi m\u00e9di\u00e1t?","datePublished":"2025-07-22T07:25:52+00:00","dateModified":"2025-07-24T10:07:36+00:00","mainEntityOfPage":{"@id":"https:\/\/kidslox.com\/hu\/parental-tips\/when-should-i-let-my-kids-have-social-media\/"},"wordCount":840,"publisher":{"@id":"https:\/\/kidslox.com\/hu\/#organization"},"image":{"@id":"https:\/\/kidslox.com\/hu\/parental-tips\/when-should-i-let-my-kids-have-social-media\/#primaryimage"},"thumbnailUrl":"https:\/\/kidslox.com\/wp-content\/uploads\/2025\/07\/when-should-i-let-my-kids-have-social-media-img-1-1.jpg","inLanguage":"hu-HU"},{"@type":"WebPage","@id":"https:\/\/kidslox.com\/hu\/parental-tips\/when-should-i-let-my-kids-have-social-media\/","url":"https:\/\/kidslox.com\/hu\/parental-tips\/when-should-i-let-my-kids-have-social-media\/","name":"Parental tip: Mikor engedjem meg a gyerekeimnek a k\u00f6z\u00f6ss\u00e9gi m\u00e9di\u00e1t? | Kidslox","isPartOf":{"@id":"https:\/\/kidslox.com\/hu\/#website"},"primaryImageOfPage":{"@id":"https:\/\/kidslox.com\/hu\/parental-tips\/when-should-i-let-my-kids-have-social-media\/#primaryimage"},"image":{"@id":"https:\/\/kidslox.com\/hu\/parental-tips\/when-should-i-let-my-kids-have-social-media\/#primaryimage"},"thumbnailUrl":"https:\/\/kidslox.com\/wp-content\/uploads\/2025\/07\/when-should-i-let-my-kids-have-social-media-img-1-1.jpg","datePublished":"2025-07-22T07:25:52+00:00","dateModified":"2025-07-24T10:07:36+00:00","description":"Nem szokatlan, hogy a gyerekek n\u00e9mi nyom\u00e1st \u00e9reznek a t\u00e1rsaik r\u00e9sz\u00e9r\u0151l, hogy beker\u00fcljenek a k\u00f6z\u00f6ss\u00e9gi m\u00e9di\u00e1ba, k\u00fcl\u00f6n\u00f6sen amikor tin\u00e9dzser korba l\u00e9pnek.","breadcrumb":{"@id":"https:\/\/kidslox.com\/hu\/parental-tips\/when-should-i-let-my-kids-have-social-media\/#breadcrumb"},"inLanguage":"hu-HU","potentialAction":[{"@type":"ReadAction","target":["https:\/\/kidslox.com\/hu\/parental-tips\/when-should-i-let-my-kids-have-social-media\/"]}]},{"@type":"ImageObject","inLanguage":"hu-HU","@id":"https:\/\/kidslox.com\/hu\/parental-tips\/when-should-i-let-my-kids-have-social-media\/#primaryimage","url":"https:\/\/kidslox.com\/wp-content\/uploads\/2025\/07\/when-should-i-let-my-kids-have-social-media-img-1-1.jpg","contentUrl":"https:\/\/kidslox.com\/wp-content\/uploads\/2025\/07\/when-should-i-let-my-kids-have-social-media-img-1-1.jpg","width":686,"height":336,"caption":"When should I let my kids have social media?"},{"@type":"BreadcrumbList","@id":"https:\/\/kidslox.com\/hu\/parental-tips\/when-should-i-let-my-kids-have-social-media\/#breadcrumb","itemListElement":[{"@type":"ListItem","position":1,"name":"Home","item":"https:\/\/kidslox.com"},{"@type":"ListItem","position":2,"name":"Mikor engedjem meg a gyerekeimnek a k\u00f6z\u00f6ss\u00e9gi m\u00e9di\u00e1t?"}]},{"@type":"WebSite","@id":"https:\/\/kidslox.com\/hu\/#website","url":"https:\/\/kidslox.com\/hu\/","name":"Kidslox","description":"Parental control app for iPhone and Android. Join millions of parents using the best parental control apps for iPhone parental control, Android &amp; more","publisher":{"@id":"https:\/\/kidslox.com\/hu\/#organization"},"potentialAction":[{"@type":"SearchAction","target":{"@type":"EntryPoint","urlTemplate":"https:\/\/kidslox.com\/hu\/?s={search_term_string}"},"query-input":{"@type":"PropertyValueSpecification","valueRequired":true,"valueName":"search_term_string"}}],"inLanguage":"hu-HU"},{"@type":"Organization","@id":"https:\/\/kidslox.com\/hu\/#organization","name":"Kidslox, Inc.","url":"https:\/\/kidslox.com\/hu\/","logo":{"@type":"ImageObject","inLanguage":"hu-HU","@id":"https:\/\/kidslox.com\/hu\/#\/schema\/logo\/image\/","url":"https:\/\/kidslox.com\/wp-content\/uploads\/2021\/11\/kidslox-logo.png","contentUrl":"https:\/\/kidslox.com\/wp-content\/uploads\/2021\/11\/kidslox-logo.png","width":150,"height":28,"caption":"Kidslox, Inc."},"image":{"@id":"https:\/\/kidslox.com\/hu\/#\/schema\/logo\/image\/"},"sameAs":["https:\/\/www.facebook.com\/kidslox","https:\/\/x.com\/kidslox","https:\/\/www.instagram.com\/kidslox\/","https:\/\/www.linkedin.com\/company\/kidslox","https:\/\/www.youtube.com\/channel\/UCPOp4Py6LY9GdJyIvd1Z2Vw"]},{"@type":"Person","@id":"https:\/\/kidslox.com\/hu\/#\/schema\/person\/f8c0dc0e1b168732e637f0c50c6ad6ba","name":"Administrator","image":{"@type":"ImageObject","inLanguage":"hu-HU","@id":"https:\/\/kidslox.com\/hu\/#\/schema\/person\/image\/","url":"https:\/\/kidslox.com\/wp-content\/uploads\/2021\/12\/App-icon-96x96.png","contentUrl":"https:\/\/kidslox.com\/wp-content\/uploads\/2021\/12\/App-icon-96x96.png","caption":"Administrator"},"sameAs":["http:\/\/kidslox.com"]}]}},"_links":{"self":[{"href":"https:\/\/kidslox.com\/hu\/wp-json\/wp\/v2\/parental-tips\/294808","targetHints":{"allow":["GET"]}}],"collection":[{"href":"https:\/\/kidslox.com\/hu\/wp-json\/wp\/v2\/parental-tips"}],"about":[{"href":"https:\/\/kidslox.com\/hu\/wp-json\/wp\/v2\/types\/parental-tips"}],"author":[{"embeddable":true,"href":"https:\/\/kidslox.com\/hu\/wp-json\/wp\/v2\/users\/1"}],"wp:featuredmedia":[{"embeddable":true,"href":"https:\/\/kidslox.com\/hu\/wp-json\/wp\/v2\/media\/294488"}],"wp:attachment":[{"href":"https:\/\/kidslox.com\/hu\/wp-json\/wp\/v2\/media?parent=294808"}],"curies":[{"name":"wp","href":"https:\/\/api.w.org\/{rel}","templated":true}]}}